{"id":694,"date":"2016-04-28T11:30:18","date_gmt":"2016-04-28T09:30:18","guid":{"rendered":"https:\/\/www.calarnau.com\/?page_id=694"},"modified":"2016-04-28T11:30:18","modified_gmt":"2016-04-28T09:30:18","slug":"ca-arnau-l-i-ll","status":"publish","type":"page","link":"https:\/\/www.calarnau.com\/es\/contacto\/ca-arnau-l-i-ll\/","title":{"rendered":"Ca Arnau I i II"},"content":{"rendered":"<div style=\"float: right; width: 320px;\"><img decoding=\"async\" class=\"alignnone size-medium wp-image-484 alignright\" src=\"https:\/\/www.calarnau.com\/wp-content\/uploads\/MariaLluisa-I.jpg\" alt=\"MariaLluisa-I\" \/><br \/>\n<img decoding=\"async\" class=\"alignnone size-medium wp-image-484 alignright\" src=\"https:\/\/www.calarnau.com\/wp-content\/uploads\/Menta-II.jpg\" alt=\"Menta-II\" \/><br \/>\n<img decoding=\"async\" class=\"alignnone size-medium wp-image-484 alignright\" src=\"https:\/\/www.calarnau.com\/wp-content\/uploads\/Farigola-I2.jpg\" alt=\"Farigola-I\" \/><\/div>\n<ul>\n<li>Capacitat: 16 persones<\/li>\n<li>180 m2<\/li>\n<li>4 habitacions dobles (<em>Maria Llu\u00efsa<\/em>, <em>Til\u00b7la<\/em>, <em>S\u00e0lvia<\/em> i<em>Valeriana<\/em>)<\/li>\n<li>4 habitacions de matrimoni (<em>Farigola<\/em>, <em>Menta<\/em>,<em>Roman\u00ed<\/em> i <em>Camamilla<\/em>)<\/li>\n<li>4 lavabos<\/li>\n<\/ul>\n<ul>\n<li>Tamb\u00e9 hi ha la possibilitat d\u2019afegir un llit addicional, aix\u00ed com un llitet per a nad\u00f3.<\/li>\n<\/ul>\n<div class=\"box-preu\">\n<div class=\"titol\"><span>670 EUR \/<\/span> Cap de setmana<\/div>\n<div class=\"texte\">Temporada Alta: 861 EUR<\/div>\n<div class=\"reservar\"><a href=\"mailto:info@calarnau.com\">RESERVAR<\/a><\/div>\n<\/div>\n","protected":false},"excerpt":{"rendered":"<p>Capacitat: 16 persones 180 m2 4 habitacions dobles (Maria Llu\u00efsa, Til\u00b7la, S\u00e0lvia iValeriana) 4 habitacions de matrimoni (Farigola, Menta,Roman\u00ed i Camamilla) 4 lavabos Tamb\u00e9 hi ha la possibilitat d\u2019afegir un llit addicional, aix\u00ed com un llitet per a nad\u00f3. 670&hellip; <\/p>\n","protected":false},"author":1,"featured_media":0,"parent":372,"menu_order":0,"comment_status":"closed","ping_status":"closed","template":"","meta":{"footnotes":""},"class_list":["post-694","page","type-page","status-publish","hentry"],"_links":{"self":[{"href":"https:\/\/www.calarnau.com\/es\/wp-json\/wp\/v2\/pages\/694","targetHints":{"allow":["GET"]}}],"collection":[{"href":"https:\/\/www.calarnau.com\/es\/wp-json\/wp\/v2\/pages"}],"about":[{"href":"https:\/\/www.calarnau.com\/es\/wp-json\/wp\/v2\/types\/page"}],"author":[{"embeddable":true,"href":"https:\/\/www.calarnau.com\/es\/wp-json\/wp\/v2\/users\/1"}],"replies":[{"embeddable":true,"href":"https:\/\/www.calarnau.com\/es\/wp-json\/wp\/v2\/comments?post=694"}],"version-history":[{"count":1,"href":"https:\/\/www.calarnau.com\/es\/wp-json\/wp\/v2\/pages\/694\/revisions"}],"predecessor-version":[{"id":695,"href":"https:\/\/www.calarnau.com\/es\/wp-json\/wp\/v2\/pages\/694\/revisions\/695"}],"up":[{"embeddable":true,"href":"https:\/\/www.calarnau.com\/es\/wp-json\/wp\/v2\/pages\/372"}],"wp:attachment":[{"href":"https:\/\/www.calarnau.com\/es\/wp-json\/wp\/v2\/media?parent=694"}],"curies":[{"name":"wp","href":"https:\/\/api.w.org\/{rel}","templated":true}]}}